{"id":3525,"date":"2020-03-06T17:54:24","date_gmt":"2020-03-06T16:54:24","guid":{"rendered":"http:\/\/lahaut.bzh\/?page_id=3525"},"modified":"2024-02-22T11:38:28","modified_gmt":"2024-02-22T10:38:28","slug":"projets","status":"publish","type":"page","link":"https:\/\/lahaut.bzh\/index.php\/projets\/","title":{"rendered":"Projets"},"content":{"rendered":"\t\t<div data-elementor-type=\"wp-page\" data-elementor-id=\"3525\" class=\"elementor elementor-3525\" data-elementor-settings=\"{&quot;premium_particles_zindex&quot;:0,&quot;premium_particles_responsive&quot;:[&quot;desktop&quot;,&quot;tablet&quot;,&quot;mobile&quot;]}\">\n\t\t\t\t\t\t<section class=\"elementor-section elementor-top-section elementor-element elementor-element-59d044f elementor-section-boxed elementor-section-height-default elementor-section-height-default\" data-id=\"59d044f\" data-element_type=\"section\" data-settings=\"{&quot;background_background&quot;:&quot;classic&quot;,&quot;premium_particles_zindex&quot;:0,&quot;premium_particles_responsive&quot;:[&quot;desktop&quot;,&quot;tablet&quot;,&quot;mobile&quot;]}\">\n\t\t\t\t\t\t<div class=\"elementor-container elementor-column-gap-default\">\n\t\t\t\t\t<div class=\"elementor-column elementor-col-100 elementor-top-column elementor-element elementor-element-ef16873\" data-id=\"ef16873\" data-element_type=\"column\" data-settings=\"{&quot;premium_particles_zindex&quot;:0,&quot;premium_particles_responsive&quot;:[&quot;desktop&quot;,&quot;tablet&quot;,&quot;mobile&quot;]}\">\n\t\t\t<div class=\"elementor-widget-wrap elementor-element-populated\">\n\t\t\t\t\t\t<div class=\"elementor-element elementor-element-ff153b9 elementor-widget elementor-widget-text-editor\" data-id=\"ff153b9\" data-element_type=\"widget\" data-widget_type=\"text-editor.default\">\n\t\t\t\t<div class=\"elementor-widget-container\">\n\t\t\t\t\t\t\t<p style=\"text-align: left;\"><span style=\"font-size: 10pt; font-family: 'Andale Mono', Times;\">Inspir\u00e9e par l&rsquo;\u00e9cologie sociale, L\u00e0-Haut imagine des actions de <strong>transformation sociale<\/strong> autour des dimensions individuelles, collectives et environnementales. \u00a0<\/span><\/p><p><span style=\"font-size: 10pt; font-family: 'Andale Mono', Times;\">Deux entr\u00e9es possibles :<\/span><br \/><span style=\"font-size: 10pt; font-family: 'Andale Mono', Times;\">&#8211; A partir <strong>d&rsquo;un groupe cibl\u00e9 par rapport \u00e0 des besoins identifi\u00e9s<\/strong> sur la confiance en soi, l&rsquo;organisation collective, l&rsquo;engagement&#8230;<\/span><br \/><span style=\"font-size: 10pt; font-family: 'Andale Mono', Times;\">&#8211;\u00a0 A partir <strong>d&rsquo;un territoire qui cherche \u00e0 favoriser la participation citoyenne<\/strong> sur les questions d&rsquo;am\u00e9nagement, de valorisation du patrimoine naturel&#8230;<\/span><\/p><p><span style=\"font-size: 10pt; font-family: 'Andale Mono', Times;\">L\u00e0-Haut d\u00e9veloppe ses projets en partenariat avec des organismes de formation, des \u00e9tablissements scolaires, des \u00e9tablissements sp\u00e9cialis\u00e9s, des collectivit\u00e9s, des am\u00e9nageurs&#8230; L\u00e0-Haut s&rsquo;adresse \u00e0 tous.\u00a0<\/span><\/p>\t\t\t\t\t\t<\/div>\n\t\t\t\t<\/div>\n\t\t\t\t\t<\/div>\n\t\t<\/div>\n\t\t\t\t\t<\/div>\n\t\t<\/section>\n\t\t\t\t<section class=\"elementor-section elementor-top-section elementor-element elementor-element-d62ea7f elementor-section-boxed elementor-section-height-default elementor-section-height-default\" data-id=\"d62ea7f\" data-element_type=\"section\" data-settings=\"{&quot;premium_particles_zindex&quot;:0,&quot;premium_particles_responsive&quot;:[&quot;desktop&quot;,&quot;tablet&quot;,&quot;mobile&quot;]}\">\n\t\t\t\t\t\t<div class=\"elementor-container elementor-column-gap-default\">\n\t\t\t\t\t<div class=\"elementor-column elementor-col-100 elementor-top-column elementor-element elementor-element-af62032\" data-id=\"af62032\" data-element_type=\"column\" data-settings=\"{&quot;premium_particles_zindex&quot;:0,&quot;premium_particles_responsive&quot;:[&quot;desktop&quot;,&quot;tablet&quot;,&quot;mobile&quot;]}\">\n\t\t\t<div class=\"elementor-widget-wrap elementor-element-populated\">\n\t\t\t\t\t\t<div class=\"elementor-element elementor-element-bd1bb60 elementor-widget elementor-widget-spacer\" data-id=\"bd1bb60\" data-element_type=\"widget\" data-widget_type=\"spacer.default\">\n\t\t\t\t<div class=\"elementor-widget-container\">\n\t\t\t\t\t<div class=\"elementor-spacer\">\n\t\t\t<div class=\"elementor-spacer-inner\"><\/div>\n\t\t<\/div>\n\t\t\t\t<\/div>\n\t\t\t\t<\/div>\n\t\t\t\t\t<\/div>\n\t\t<\/div>\n\t\t\t\t\t<\/div>\n\t\t<\/section>\n\t\t\t\t<section class=\"elementor-section elementor-top-section elementor-element elementor-element-c663af8 elementor-section-boxed elementor-section-height-default elementor-section-height-default\" data-id=\"c663af8\" data-element_type=\"section\" data-settings=\"{&quot;premium_particles_zindex&quot;:0,&quot;premium_particles_responsive&quot;:[&quot;desktop&quot;,&quot;tablet&quot;,&quot;mobile&quot;]}\">\n\t\t\t\t\t\t<div class=\"elementor-container elementor-column-gap-default\">\n\t\t\t\t\t<div class=\"elementor-column elementor-col-100 elementor-top-column elementor-element elementor-element-274e41d\" data-id=\"274e41d\" data-element_type=\"column\" data-settings=\"{&quot;premium_particles_zindex&quot;:0,&quot;premium_particles_responsive&quot;:[&quot;desktop&quot;,&quot;tablet&quot;,&quot;mobile&quot;]}\">\n\t\t\t<div class=\"elementor-widget-wrap elementor-element-populated\">\n\t\t\t\t\t\t<div class=\"elementor-element elementor-element-7064c09 elementor-widget elementor-widget-heading\" data-id=\"7064c09\" data-element_type=\"widget\" data-widget_type=\"heading.default\">\n\t\t\t\t<div class=\"elementor-widget-container\">\n\t\t\t<h2 class=\"elementor-heading-title elementor-size-default\">La p\u00e9dagogie des petits pas<\/h2>\t\t<\/div>\n\t\t\t\t<\/div>\n\t\t\t\t<div class=\"elementor-element elementor-element-1bcddf1 elementor-widget elementor-widget-text-editor\" data-id=\"1bcddf1\" data-element_type=\"widget\" data-widget_type=\"text-editor.default\">\n\t\t\t\t<div class=\"elementor-widget-container\">\n\t\t\t\t\t\t\t<p><span style=\"font-size: 10pt; font-family: 'Andale Mono', Times;\">Chaque s\u00e9quence est une \u00e9tape, une phase dans le projet. Les participants n\u2019arriveront peut-\u00eatre pas \u00e0 la cime de l\u2019arbre d\u00e9s le premier jour.<\/span><br \/><span style=\"font-size: 10pt; font-family: 'Andale Mono', Times;\">Pour chaque projet, nous imaginons un processus complexe. Il est vivant et d\u00e9coup\u00e9 sous forme de phases qui prennent en compte l\u2019\u00e9volution du groupe et des individus.<\/span><br \/><span style=\"font-size: 10pt; font-family: 'Andale Mono', Times;\">Notre positionnement d\u2019accompagnateur est adapt\u00e9 au potentiel de chacun pour qu\u2019ils r\u00e9ussissent tous ce d\u00e9fi, prennent confiance en eux et deviennent en capacit\u00e9 d\u2019agir en autonomie.<\/span><\/p>\t\t\t\t\t\t<\/div>\n\t\t\t\t<\/div>\n\t\t\t\t\t<\/div>\n\t\t<\/div>\n\t\t\t\t\t<\/div>\n\t\t<\/section>\n\t\t\t\t<section class=\"elementor-section elementor-top-section elementor-element elementor-element-7cb1465 elementor-section-boxed elementor-section-height-default elementor-section-height-default\" data-id=\"7cb1465\" data-element_type=\"section\" data-settings=\"{&quot;premium_particles_zindex&quot;:0,&quot;premium_particles_responsive&quot;:[&quot;desktop&quot;,&quot;tablet&quot;,&quot;mobile&quot;]}\">\n\t\t\t\t\t\t<div class=\"elementor-container elementor-column-gap-default\">\n\t\t\t\t\t<div class=\"elementor-column elementor-col-100 elementor-top-column elementor-element elementor-element-9903602\" data-id=\"9903602\" data-element_type=\"column\" data-settings=\"{&quot;premium_particles_zindex&quot;:0,&quot;premium_particles_responsive&quot;:[&quot;desktop&quot;,&quot;tablet&quot;,&quot;mobile&quot;]}\">\n\t\t\t<div class=\"elementor-widget-wrap elementor-element-populated\">\n\t\t\t\t\t\t<div class=\"elementor-element elementor-element-acd4e99 elementor-widget elementor-widget-heading\" data-id=\"acd4e99\" data-element_type=\"widget\" data-widget_type=\"heading.default\">\n\t\t\t\t<div class=\"elementor-widget-container\">\n\t\t\t<h2 class=\"elementor-heading-title elementor-size-default\">La p\u00e9dagogie du projet<\/h2>\t\t<\/div>\n\t\t\t\t<\/div>\n\t\t\t\t<div class=\"elementor-element elementor-element-35cf5af elementor-widget elementor-widget-text-editor\" data-id=\"35cf5af\" data-element_type=\"widget\" data-widget_type=\"text-editor.default\">\n\t\t\t\t<div class=\"elementor-widget-container\">\n\t\t\t\t\t\t\t<p><span style=\"font-family: 'Andale Mono', Times; font-size: 10pt;\">G\u00e9n\u00e9rer des apprentissages \u00e0 travers la r\u00e9alisation d\u2019une production concr\u00e8te.<\/span><br \/><span style=\"font-family: 'Andale Mono', Times; font-size: 10pt;\">Ensemble, nous allons vivre une aventure collective dans la cr\u00e9ation et l\u2019animation d\u2019une production commune. Nous accordons autant d\u2019importance aux temps formels qu&rsquo;informels.<\/span><br \/><span style=\"font-family: 'Andale Mono', Times; font-size: 10pt;\">Nos outils, techniques d\u2019animation ont pout but de rendre acteur chaque participant.<\/span><\/p>\t\t\t\t\t\t<\/div>\n\t\t\t\t<\/div>\n\t\t\t\t\t<\/div>\n\t\t<\/div>\n\t\t\t\t\t<\/div>\n\t\t<\/section>\n\t\t\t\t<section class=\"elementor-section elementor-top-section elementor-element elementor-element-e7719df elementor-section-boxed elementor-section-height-default elementor-section-height-default\" data-id=\"e7719df\" data-element_type=\"section\" data-settings=\"{&quot;premium_particles_zindex&quot;:0,&quot;premium_particles_responsive&quot;:[&quot;desktop&quot;,&quot;tablet&quot;,&quot;mobile&quot;]}\">\n\t\t\t\t\t\t<div class=\"elementor-container elementor-column-gap-default\">\n\t\t\t\t\t<div class=\"elementor-column elementor-col-100 elementor-top-column elementor-element elementor-element-d34fe03\" data-id=\"d34fe03\" data-element_type=\"column\" data-settings=\"{&quot;premium_particles_zindex&quot;:0,&quot;premium_particles_responsive&quot;:[&quot;desktop&quot;,&quot;tablet&quot;,&quot;mobile&quot;]}\">\n\t\t\t<div class=\"elementor-widget-wrap elementor-element-populated\">\n\t\t\t\t\t\t<div class=\"elementor-element elementor-element-3252195 elementor-widget elementor-widget-heading\" data-id=\"3252195\" data-element_type=\"widget\" data-widget_type=\"heading.default\">\n\t\t\t\t<div class=\"elementor-widget-container\">\n\t\t\t<h2 class=\"elementor-heading-title elementor-size-default\">La co-cr\u00e9ation<\/h2>\t\t<\/div>\n\t\t\t\t<\/div>\n\t\t\t\t<div class=\"elementor-element elementor-element-5d50cef elementor-widget elementor-widget-text-editor\" data-id=\"5d50cef\" data-element_type=\"widget\" data-widget_type=\"text-editor.default\">\n\t\t\t\t<div class=\"elementor-widget-container\">\n\t\t\t\t\t\t\t<p><span style=\"font-size: 10pt; font-family: 'Andale Mono', Times;\">L\u00e0-Haut favorise la participation d&rsquo;artistes au projet. Le processus de cr\u00e9ation est tout aussi important que la production finale. L\u00e0-Haut s&rsquo;inscrit dans une d\u00e9marche d&rsquo;\u00e9ducation populaire autour de l&rsquo;exp\u00e9rience artistique collective engag\u00e9e.\u00a0<\/span><\/p>\t\t\t\t\t\t<\/div>\n\t\t\t\t<\/div>\n\t\t\t\t\t<\/div>\n\t\t<\/div>\n\t\t\t\t\t<\/div>\n\t\t<\/section>\n\t\t\t\t<section class=\"elementor-section elementor-top-section elementor-element elementor-element-7ee0ce4 elementor-section-boxed elementor-section-height-default elementor-section-height-default\" data-id=\"7ee0ce4\" data-element_type=\"section\" data-settings=\"{&quot;premium_particles_zindex&quot;:0,&quot;premium_particles_responsive&quot;:[&quot;desktop&quot;,&quot;tablet&quot;,&quot;mobile&quot;]}\">\n\t\t\t\t\t\t<div class=\"elementor-container elementor-column-gap-default\">\n\t\t\t\t\t<div class=\"elementor-column elementor-col-100 elementor-top-column elementor-element elementor-element-5a47236\" data-id=\"5a47236\" data-element_type=\"column\" data-settings=\"{&quot;premium_particles_zindex&quot;:0,&quot;premium_particles_responsive&quot;:[&quot;desktop&quot;,&quot;tablet&quot;,&quot;mobile&quot;]}\">\n\t\t\t<div class=\"elementor-widget-wrap elementor-element-populated\">\n\t\t\t\t\t\t<div class=\"elementor-element elementor-element-bb3ea24 elementor-widget elementor-widget-image\" data-id=\"bb3ea24\" data-element_type=\"widget\" data-widget_type=\"image.default\">\n\t\t\t\t<div class=\"elementor-widget-container\">\n\t\t\t\t\t\t\t\t\t\t\t\t\t<img fetchpriority=\"high\" decoding=\"async\" width=\"1024\" height=\"501\" src=\"https:\/\/lahaut.bzh\/wp-content\/uploads\/2020\/03\/b-1024x501.jpg\" class=\"attachment-large size-large wp-image-4122\" alt=\"\" srcset=\"https:\/\/lahaut.bzh\/wp-content\/uploads\/2020\/03\/b-1024x501.jpg 1024w, https:\/\/lahaut.bzh\/wp-content\/uploads\/2020\/03\/b-300x147.jpg 300w, https:\/\/lahaut.bzh\/wp-content\/uploads\/2020\/03\/b-768x376.jpg 768w, https:\/\/lahaut.bzh\/wp-content\/uploads\/2020\/03\/b-1536x752.jpg 1536w, https:\/\/lahaut.bzh\/wp-content\/uploads\/2020\/03\/b-2048x1002.jpg 2048w, https:\/\/lahaut.bzh\/wp-content\/uploads\/2020\/03\/b-200x98.jpg 200w, https:\/\/lahaut.bzh\/wp-content\/uploads\/2020\/03\/b-150x73.jpg 150w, https:\/\/lahaut.bzh\/wp-content\/uploads\/2020\/03\/b-547x268.jpg 547w, https:\/\/lahaut.bzh\/wp-content\/uploads\/2020\/03\/b-322x158.jpg 322w, https:\/\/lahaut.bzh\/wp-content\/uploads\/2020\/03\/b-524x256.jpg 524w, https:\/\/lahaut.bzh\/wp-content\/uploads\/2020\/03\/b-420x206.jpg 420w, https:\/\/lahaut.bzh\/wp-content\/uploads\/2020\/03\/b-444x217.jpg 444w, https:\/\/lahaut.bzh\/wp-content\/uploads\/2020\/03\/b-916x448.jpg 916w, https:\/\/lahaut.bzh\/wp-content\/uploads\/2020\/03\/b-678x332.jpg 678w, https:\/\/lahaut.bzh\/wp-content\/uploads\/2020\/03\/b-600x294.jpg 600w\" sizes=\"(max-width: 1024px) 100vw, 1024px\" \/>\t\t\t\t\t\t\t\t\t\t\t\t\t<\/div>\n\t\t\t\t<\/div>\n\t\t\t\t\t<\/div>\n\t\t<\/div>\n\t\t\t\t\t<\/div>\n\t\t<\/section>\n\t\t\t\t<\/div>\n\t\t","protected":false},"excerpt":{"rendered":"<p>Inspir\u00e9e par l&rsquo;\u00e9cologie sociale, L\u00e0-Haut imagine des actions de transformation sociale autour des dimensions individuelles, collectives et environnementales. \u00a0 Deux entr\u00e9es possibles :&#8211; A partir d&rsquo;un groupe cibl\u00e9 par rapport &hellip; <a href=\"https:\/\/lahaut.bzh\/index.php\/projets\/\" class=\"more-link\">Continue reading <span class=\"screen-reader-text\">Projets<\/span><\/a><\/p>\n","protected":false},"author":1,"featured_media":3794,"parent":0,"menu_order":0,"comment_status":"closed","ping_status":"closed","template":"","meta":{"footnotes":""},"yoast_head":"<!-- This site is optimized with the Yoast SEO plugin v17.2.1 - https:\/\/yoast.com\/wordpress\/plugins\/seo\/ -->\n<title>Projets - L\u00e0-Haut<\/title>\n<meta name=\"robots\" content=\"index, follow, max-snippet:-1, max-image-preview:large, max-video-preview:-1\" \/>\n<link rel=\"canonical\" href=\"https:\/\/lahaut.bzh\/index.php\/projets\/\" \/>\n<meta property=\"og:locale\" content=\"fr_FR\" \/>\n<meta property=\"og:type\" content=\"article\" \/>\n<meta property=\"og:title\" content=\"Projets - L\u00e0-Haut\" \/>\n<meta property=\"og:description\" content=\"Inspir\u00e9e par l&rsquo;\u00e9cologie sociale, L\u00e0-Haut imagine des actions de transformation sociale autour des dimensions individuelles, collectives et environnementales. \u00a0 Deux entr\u00e9es possibles :&#8211; A partir d&rsquo;un groupe cibl\u00e9 par rapport &hellip; Continue reading Projets\" \/>\n<meta property=\"og:url\" content=\"https:\/\/lahaut.bzh\/index.php\/projets\/\" \/>\n<meta property=\"og:site_name\" content=\"L\u00e0-Haut\" \/>\n<meta property=\"article:publisher\" content=\"https:\/\/fb.me\/Lahautbzh\" \/>\n<meta property=\"article:modified_time\" content=\"2024-02-22T10:38:28+00:00\" \/>\n<meta property=\"og:image\" content=\"https:\/\/lahaut.bzh\/wp-content\/uploads\/2020\/03\/image.jpg\" \/>\n\t<meta property=\"og:image:width\" content=\"1600\" \/>\n\t<meta property=\"og:image:height\" content=\"203\" \/>\n<meta name=\"twitter:card\" content=\"summary_large_image\" \/>\n<meta name=\"twitter:label1\" content=\"Dur\u00e9e de lecture estim\u00e9e\" \/>\n\t<meta name=\"twitter:data1\" content=\"2 minutes\" \/>\n<script type=\"application\/ld+json\" class=\"yoast-schema-graph\">{\"@context\":\"https:\/\/schema.org\",\"@graph\":[{\"@type\":\"Organization\",\"@id\":\"https:\/\/lahaut.bzh\/#organization\",\"name\":\"Association L\\u00e0-haut\",\"url\":\"https:\/\/lahaut.bzh\/\",\"sameAs\":[\"https:\/\/fb.me\/Lahautbzh\",\"https:\/\/www.instagram.com\/lahautbzh\/\"],\"logo\":{\"@type\":\"ImageObject\",\"@id\":\"https:\/\/lahaut.bzh\/#logo\",\"inLanguage\":\"fr-FR\",\"url\":\"https:\/\/lahaut.bzh\/wp-content\/uploads\/2020\/03\/logo-noir-verticale-classic-web.jpg\",\"contentUrl\":\"https:\/\/lahaut.bzh\/wp-content\/uploads\/2020\/03\/logo-noir-verticale-classic-web.jpg\",\"width\":400,\"height\":343,\"caption\":\"Association L\\u00e0-haut\"},\"image\":{\"@id\":\"https:\/\/lahaut.bzh\/#logo\"}},{\"@type\":\"WebSite\",\"@id\":\"https:\/\/lahaut.bzh\/#website\",\"url\":\"https:\/\/lahaut.bzh\/\",\"name\":\"L\\u00e0-Haut\",\"description\":\"Association \\u00e9co-citoyenne perch\\u00e9e : Formations BAFA, S\\u00e9jours, Grimpe d&#039;arbres ...\",\"publisher\":{\"@id\":\"https:\/\/lahaut.bzh\/#organization\"},\"potentialAction\":[{\"@type\":\"SearchAction\",\"target\":{\"@type\":\"EntryPoint\",\"urlTemplate\":\"https:\/\/lahaut.bzh\/?s={search_term_string}\"},\"query-input\":\"required name=search_term_string\"}],\"inLanguage\":\"fr-FR\"},{\"@type\":\"ImageObject\",\"@id\":\"https:\/\/lahaut.bzh\/index.php\/projets\/#primaryimage\",\"inLanguage\":\"fr-FR\",\"url\":\"https:\/\/lahaut.bzh\/wp-content\/uploads\/2020\/03\/image.jpg\",\"contentUrl\":\"https:\/\/lahaut.bzh\/wp-content\/uploads\/2020\/03\/image.jpg\",\"width\":1600,\"height\":203},{\"@type\":\"WebPage\",\"@id\":\"https:\/\/lahaut.bzh\/index.php\/projets\/#webpage\",\"url\":\"https:\/\/lahaut.bzh\/index.php\/projets\/\",\"name\":\"Projets - L\\u00e0-Haut\",\"isPartOf\":{\"@id\":\"https:\/\/lahaut.bzh\/#website\"},\"primaryImageOfPage\":{\"@id\":\"https:\/\/lahaut.bzh\/index.php\/projets\/#primaryimage\"},\"datePublished\":\"2020-03-06T16:54:24+00:00\",\"dateModified\":\"2024-02-22T10:38:28+00:00\",\"breadcrumb\":{\"@id\":\"https:\/\/lahaut.bzh\/index.php\/projets\/#breadcrumb\"},\"inLanguage\":\"fr-FR\",\"potentialAction\":[{\"@type\":\"ReadAction\",\"target\":[\"https:\/\/lahaut.bzh\/index.php\/projets\/\"]}]},{\"@type\":\"BreadcrumbList\",\"@id\":\"https:\/\/lahaut.bzh\/index.php\/projets\/#breadcrumb\",\"itemListElement\":[{\"@type\":\"ListItem\",\"position\":1,\"name\":\"Accueil\",\"item\":\"https:\/\/lahaut.bzh\/\"},{\"@type\":\"ListItem\",\"position\":2,\"name\":\"Projets\"}]}]}<\/script>\n<!-- \/ Yoast SEO plugin. -->","yoast_head_json":{"title":"Projets - L\u00e0-Haut","robots":{"index":"index","follow":"follow","max-snippet":"max-snippet:-1","max-image-preview":"max-image-preview:large","max-video-preview":"max-video-preview:-1"},"canonical":"https:\/\/lahaut.bzh\/index.php\/projets\/","og_locale":"fr_FR","og_type":"article","og_title":"Projets - L\u00e0-Haut","og_description":"Inspir\u00e9e par l&rsquo;\u00e9cologie sociale, L\u00e0-Haut imagine des actions de transformation sociale autour des dimensions individuelles, collectives et environnementales. \u00a0 Deux entr\u00e9es possibles :&#8211; A partir d&rsquo;un groupe cibl\u00e9 par rapport &hellip; Continue reading Projets","og_url":"https:\/\/lahaut.bzh\/index.php\/projets\/","og_site_name":"L\u00e0-Haut","article_publisher":"https:\/\/fb.me\/Lahautbzh","article_modified_time":"2024-02-22T10:38:28+00:00","og_image":[{"width":1600,"height":203,"url":"https:\/\/lahaut.bzh\/wp-content\/uploads\/2020\/03\/image.jpg","path":"\/home\/dnkoosj\/www\/wp-content\/uploads\/2020\/03\/image.jpg","size":"full","id":3794,"alt":"","pixels":324800,"type":"image\/jpeg"}],"twitter_card":"summary_large_image","twitter_misc":{"Dur\u00e9e de lecture estim\u00e9e":"2 minutes"},"schema":{"@context":"https:\/\/schema.org","@graph":[{"@type":"Organization","@id":"https:\/\/lahaut.bzh\/#organization","name":"Association L\u00e0-haut","url":"https:\/\/lahaut.bzh\/","sameAs":["https:\/\/fb.me\/Lahautbzh","https:\/\/www.instagram.com\/lahautbzh\/"],"logo":{"@type":"ImageObject","@id":"https:\/\/lahaut.bzh\/#logo","inLanguage":"fr-FR","url":"https:\/\/lahaut.bzh\/wp-content\/uploads\/2020\/03\/logo-noir-verticale-classic-web.jpg","contentUrl":"https:\/\/lahaut.bzh\/wp-content\/uploads\/2020\/03\/logo-noir-verticale-classic-web.jpg","width":400,"height":343,"caption":"Association L\u00e0-haut"},"image":{"@id":"https:\/\/lahaut.bzh\/#logo"}},{"@type":"WebSite","@id":"https:\/\/lahaut.bzh\/#website","url":"https:\/\/lahaut.bzh\/","name":"L\u00e0-Haut","description":"Association \u00e9co-citoyenne perch\u00e9e : Formations BAFA, S\u00e9jours, Grimpe d&#039;arbres ...","publisher":{"@id":"https:\/\/lahaut.bzh\/#organization"},"potentialAction":[{"@type":"SearchAction","target":{"@type":"EntryPoint","urlTemplate":"https:\/\/lahaut.bzh\/?s={search_term_string}"},"query-input":"required name=search_term_string"}],"inLanguage":"fr-FR"},{"@type":"ImageObject","@id":"https:\/\/lahaut.bzh\/index.php\/projets\/#primaryimage","inLanguage":"fr-FR","url":"https:\/\/lahaut.bzh\/wp-content\/uploads\/2020\/03\/image.jpg","contentUrl":"https:\/\/lahaut.bzh\/wp-content\/uploads\/2020\/03\/image.jpg","width":1600,"height":203},{"@type":"WebPage","@id":"https:\/\/lahaut.bzh\/index.php\/projets\/#webpage","url":"https:\/\/lahaut.bzh\/index.php\/projets\/","name":"Projets - L\u00e0-Haut","isPartOf":{"@id":"https:\/\/lahaut.bzh\/#website"},"primaryImageOfPage":{"@id":"https:\/\/lahaut.bzh\/index.php\/projets\/#primaryimage"},"datePublished":"2020-03-06T16:54:24+00:00","dateModified":"2024-02-22T10:38:28+00:00","breadcrumb":{"@id":"https:\/\/lahaut.bzh\/index.php\/projets\/#breadcrumb"},"inLanguage":"fr-FR","potentialAction":[{"@type":"ReadAction","target":["https:\/\/lahaut.bzh\/index.php\/projets\/"]}]},{"@type":"BreadcrumbList","@id":"https:\/\/lahaut.bzh\/index.php\/projets\/#breadcrumb","itemListElement":[{"@type":"ListItem","position":1,"name":"Accueil","item":"https:\/\/lahaut.bzh\/"},{"@type":"ListItem","position":2,"name":"Projets"}]}]}},"_links":{"self":[{"href":"https:\/\/lahaut.bzh\/index.php\/wp-json\/wp\/v2\/pages\/3525"}],"collection":[{"href":"https:\/\/lahaut.bzh\/index.php\/wp-json\/wp\/v2\/pages"}],"about":[{"href":"https:\/\/lahaut.bzh\/index.php\/wp-json\/wp\/v2\/types\/page"}],"author":[{"embeddable":true,"href":"https:\/\/lahaut.bzh\/index.php\/wp-json\/wp\/v2\/users\/1"}],"replies":[{"embeddable":true,"href":"https:\/\/lahaut.bzh\/index.php\/wp-json\/wp\/v2\/comments?post=3525"}],"version-history":[{"count":39,"href":"https:\/\/lahaut.bzh\/index.php\/wp-json\/wp\/v2\/pages\/3525\/revisions"}],"predecessor-version":[{"id":6877,"href":"https:\/\/lahaut.bzh\/index.php\/wp-json\/wp\/v2\/pages\/3525\/revisions\/6877"}],"wp:featuredmedia":[{"embeddable":true,"href":"https:\/\/lahaut.bzh\/index.php\/wp-json\/wp\/v2\/media\/3794"}],"wp:attachment":[{"href":"https:\/\/lahaut.bzh\/index.php\/wp-json\/wp\/v2\/media?parent=3525"}],"curies":[{"name":"wp","href":"https:\/\/api.w.org\/{rel}","templated":true}]}}